{"id":405,"date":"2022-06-16T08:46:41","date_gmt":"2022-06-16T08:46:41","guid":{"rendered":"https:\/\/ambiglobal.com\/web\/?page_id=405"},"modified":"2022-06-28T21:16:03","modified_gmt":"2022-06-28T21:16:03","slug":"cookies-e-protecao-de-dados","status":"publish","type":"page","link":"https:\/\/ambiglobal.com\/web\/cookies-e-protecao-de-dados\/","title":{"rendered":"Cookies e prote\u00e7\u00e3o de dados"},"content":{"rendered":"\n<div id=\"wp-block-themeisle-blocks-advanced-columns-8beb99e9\" class=\"wp-block-themeisle-blocks-advanced-columns has-0-columns has-desktop-undefined-layout has-tablet-equal-layout has-mobile-equal-layout has-vertical-unset\"><div class=\"wp-block-themeisle-blocks-advanced-columns-overlay\"><\/div><div class=\"innerblocks-wrap\"><\/div><\/div>\n\n\n\n<p>A Pol\u00edtica de Prote\u00e7\u00e3o de Dados Pessoais da&nbsp;<strong>Ambiglobal \u2013 Presta\u00e7\u00e3o de Servi\u00e7os de Seguran\u00e7a Higiene e Sa\u00fade no Trabalho, Lda.<\/strong>, adiante designada por&nbsp;<strong>Ambiglobal, Lda.<\/strong>, pretende dar a conhecer a todos os clientes, colaboradores, prestadores de servi\u00e7os, ou qualquer entidade que direta ou indiretamente se relacione com esta no \u00e2mbito do desenvolvimento da sua atividade, as regras e princ\u00edpios da organiza\u00e7\u00e3o relativos \u00e0 prote\u00e7\u00e3o de dados pessoais.<br>Desta forma, pretende-se partilhar com as partes interessadas os dados que recolhemos e a sua finalidade, dando ainda a conhecer as medidas que tomamos para proteger a sua privacidade.<br>A&nbsp;<strong>Ambiglobal, Lda.<\/strong>&nbsp;assume uma pol\u00edtica rigorosa para a Prote\u00e7\u00e3o dos Dados, assegurando que todos os que nos confiam os seus dados pessoais, conhecem a forma como os dados s\u00e3o tratados e quais os seus direitos nesta mat\u00e9ria.<br>A informa\u00e7\u00e3o criada, processada e armazenada pela&nbsp;<strong>Ambiglobal, Lda.<\/strong>, independentemente do seu suporte ou formato, e utilizada durante as atividades operacionais e administrativas do neg\u00f3cio, tem de ser protegida.&nbsp;<\/p>\n\n\n\n<p><strong>Responsabilidade pela recolha e tratamento<\/strong><\/p>\n\n\n\n<p><strong>A Ambiglobal, Lda.<\/strong>&nbsp;\u00e9 a respons\u00e1vel pela recolha e tratamento dos dados pessoais. Recolhe dados pessoais por telefone ou por escrito (por email ou presencialmente), decorrentes da rela\u00e7\u00e3o comercial, consentimento do titular dos dados ou outras imposi\u00e7\u00f5es legais que o exijam. Os dados recolhidos s\u00e3o tratados em conformidade com as exig\u00eancias da prote\u00e7\u00e3o de dados pessoais n\u00e3o sendo utilizados para outra finalidade que n\u00e3o seja aquela que foi dada a conhecer ao titular dos dados.<br>Os profissionais da&nbsp;<strong>Ambiglobal, Lda.<\/strong>&nbsp;(colaboradores ou prestadores de servi\u00e7os) adotam um conjunto de procedimentos e cautelas na forma como manuseiam os dados, de forma a garantir a confidencialidade dos dados e, consequentemente, evitar falhas de seguran\u00e7a e acessos n\u00e3o autorizados.&nbsp;<\/p>\n\n\n\n<p><strong>Finalidade da Recolha de Dados Pessoais<\/strong><\/p>\n\n\n\n<p><strong>A Ambiglobal, Lda.<\/strong>&nbsp;recolhe dados pessoais com fins precisos, expl\u00edcitos e leg\u00edtimos, e nunca tratar\u00e1 esses dados de forma incompat\u00edvel com esses objetivos.<br>A&nbsp;<strong>Ambiglobal, Lda.<\/strong>&nbsp;utiliza os dados pessoais para a identifica\u00e7\u00e3o dos clientes, agendamento e realiza\u00e7\u00e3o de servi\u00e7os m\u00e9dicos, fatura\u00e7\u00e3o e cobran\u00e7a dos servi\u00e7os prestados, avalia\u00e7\u00e3o da satisfa\u00e7\u00e3o, resposta a reclama\u00e7\u00f5es e sugest\u00f5es bem como para outros fins decorrentes de imposi\u00e7\u00e3o legal.&nbsp;<\/p>\n\n\n\n<p><strong>Recolha de Dados Pessoais<\/strong><\/p>\n\n\n\n<p>Ao recolher dados pessoais, a&nbsp;<strong>Ambiglobal, Lda.<\/strong>&nbsp;informa o titular dos mesmos da finalidade para o qual s\u00e3o recolhidos.<br>No momento da recolha os profissionais da&nbsp;<strong>Ambiglobal, Lda.<\/strong>&nbsp;asseguram o princ\u00edpio da minimiza\u00e7\u00e3o, assegurando-se de que apenas s\u00e3o recolhidos os dados pessoais estritamente necess\u00e1rios para o ato em quest\u00e3o. Dever\u00e1 ainda ser garantida a presta\u00e7\u00e3o de informa\u00e7\u00e3o acerca dos termos em que os dados pessoais ir\u00e3o ser utilizados, atrav\u00e9s dos seguintes elementos:<br>\u2013 Entidade e contactos do respons\u00e1vel pelo tratamento (Ambiglobal, Lda.);<br>\u2013 Finalidade do tratamento;<br>\u2013 Eventuais destinat\u00e1rios dos dados;<br>\u2013 Prazo de conserva\u00e7\u00e3o dos dados;<br>\u2013 Condi\u00e7\u00f5es de acesso, retifica\u00e7\u00e3o e elimina\u00e7\u00e3o dos dados;<br>\u2013 Possibilidade de o titular retirar o consentimento;<br>\u2013 Direito a apresentar reclama\u00e7\u00e3o perante a Autoridade de Prote\u00e7\u00e3o de Dados (CNPD)<br>\u2013 Se o titular est\u00e1 ou n\u00e3o obrigado a fornecer os dados, e consequ\u00eancias do n\u00e3o fornecimento;<br>\u2013 Exist\u00eancia de decis\u00f5es automatizadas (i.e. indica\u00e7\u00e3o se o titular dos dados fica sujeito a qualquer decis\u00e3o tomada exclusivamente com base no tratamento automatizado dos seus dados).&nbsp;<\/p>\n\n\n\n<p><strong>Direitos dos Titulares dos Dados Pessoais<\/strong><\/p>\n\n\n\n<p>Nos termos do Regulamento Geral de Prote\u00e7\u00e3o de Dados, \u00e9 garantido ao titular dos dados, o direito de acesso, atualiza\u00e7\u00e3o, retifica\u00e7\u00e3o, limita\u00e7\u00e3o do tratamento ou elimina\u00e7\u00e3o dos seus dados pessoais, mediante pedido endere\u00e7ado \u00e0&nbsp;<strong>Ambiglobal, Lda.<\/strong>, atrav\u00e9s do email&nbsp;<strong>rgpd@ambiglobal.com<\/strong>&nbsp;ou carta para a morada Rua Frederico Garcia Secades, n.\u00ba 171, 3060-094 Cadima \u2013 Cantanhede.&nbsp;<\/p>\n\n\n\n<p><strong>Acesso aos Sistemas de Informa\u00e7\u00e3o\/Plataformas<\/strong><\/p>\n\n\n\n<p>Os profissionais de sa\u00fade devem garantir o acesso reservado aos sistemas de informa\u00e7\u00e3o e plataformas nos quais s\u00e3o registados dados de sa\u00fade dos utentes. Os profissionais de sa\u00fade devem ainda abster-se de duplicar as bases de dados da Ambiglobal, Lda., criando, por exemplo, ficheiros pr\u00f3prios com a informa\u00e7\u00e3o da base de dados\/aplica\u00e7\u00e3o a que acede.&nbsp;<\/p>\n\n\n\n<p><strong>Registo e Acesso \u00e0 Informa\u00e7\u00e3o Cl\u00ednica<\/strong><\/p>\n\n\n\n<p>O registo da informa\u00e7\u00e3o cl\u00ednica dos clientes deve ser efetuado, diretamente, pelo profissional da \u00e1rea de sa\u00fade. Apenas devem ser recolhidos e, consequentemente, registados os dados estritamente necess\u00e1rios para assegurar a presta\u00e7\u00e3o de cuidados m\u00e9dicos. O profissional de sa\u00fade dever\u00e1 apenas aceder \u00e0 informa\u00e7\u00e3o cl\u00ednica do cliente, no Processo Cl\u00ednico ou outro, na medida em que tal seja necess\u00e1rio para a prossecu\u00e7\u00e3o das suas fun\u00e7\u00f5es.&nbsp;<\/p>\n\n\n\n<p><strong>Partilha da Informa\u00e7\u00e3o Cl\u00ednica<\/strong><\/p>\n\n\n\n<p>A informa\u00e7\u00e3o cl\u00ednica n\u00e3o deve ser partilhada com terceiros, exceto para assegurar a continuidade da presta\u00e7\u00e3o de cuidados de sa\u00fade. Nessa situa\u00e7\u00e3o, o profissional deve garantir que a partilha \u00e9 efetuada, de forma segura e confidencial, a outro profissional sujeito \u00e0 obriga\u00e7\u00e3o de confidencialidade e sigilo e que se tem todos os cuidados com esta partilha de informa\u00e7\u00e3o.&nbsp;<\/p>\n\n\n\n<p><strong>Transporte da Informa\u00e7\u00e3o Cl\u00ednica<\/strong><\/p>\n\n\n\n<p>Os profissionais de sa\u00fade devem abster-se de, de alguma forma, transportar informa\u00e7\u00e3o cl\u00ednica constante do Processo Cl\u00ednico ou outro, para fora da cl\u00ednica, exceto nos casos autorizados pelos respons\u00e1veis da Institui\u00e7\u00e3o e para efeitos de garantia da continuidade da presta\u00e7\u00e3o de cuidados m\u00e9dicos. Sempre que tal suceda, dever\u00e3o ser adotadas medidas de seguran\u00e7a especiais, de forma a assegurar que a informa\u00e7\u00e3o n\u00e3o \u00e9 acedida por terceiros de forma indevida (em particular, a informa\u00e7\u00e3o dever\u00e1 ser anonimizada e\/ou encriptada).&nbsp;<\/p>\n\n\n\n<p><strong>Utiliza\u00e7\u00e3o de Dispositivos Pessoais<\/strong><\/p>\n\n\n\n<p>O profissional da \u00e1rea da sa\u00fade n\u00e3o deve utilizar ou, de alguma forma, ligar dispositivos pessoais aos sistemas e plataformas da Ambiglobal, Lda., exceto nos casos em que exista aprova\u00e7\u00e3o pr\u00e9via dos respons\u00e1veis da Empresa. Caso tal suceda, e atenta \u00e0 natureza da informa\u00e7\u00e3o, o profissional deve ter em considera\u00e7\u00e3o que o acesso \u00e0 rede atrav\u00e9s de dispositivos m\u00f3veis pessoais acarreta riscos de seguran\u00e7a e confidencialidade, pelo que deve adotar as medidas de seguran\u00e7a necess\u00e1rias para proteger os dados a que aceda, atrav\u00e9s do seu dispositivo, contra a destrui\u00e7\u00e3o, acidental ou il\u00edcita, a perda acidental, a altera\u00e7\u00e3o, a difus\u00e3o ou o acesso n\u00e3o autorizado, bem como contra qualquer outra forma de tratamento il\u00edcito dos mesmos. Deve ainda, em qualquer situa\u00e7\u00e3o, manter a informa\u00e7\u00e3o confidencial em regime de sigilo e estrita confidencialidade, n\u00e3o permitindo o acesso a terceiros.&nbsp;<\/p>\n\n\n\n<p><strong>Utiliza\u00e7\u00e3o dos Dados para Finalidades Pr\u00f3prias<\/strong><\/p>\n\n\n\n<p>O profissional da \u00e1rea da sa\u00fade n\u00e3o pode tratar os dados recolhidos no \u00e2mbito da presta\u00e7\u00e3o de cuidados de sa\u00fade para finalidades pr\u00f3prias. Caso pretenda utilizar os dados para fins acad\u00e9micos ou de investiga\u00e7\u00e3o, dever\u00e1 obter a aprova\u00e7\u00e3o dos respons\u00e1veis da Empresa, devendo recolher o consentimento do cliente para o efeito, prestando-lhe a informa\u00e7\u00e3o necess\u00e1ria acerca dos termos em que os dados ir\u00e3o ser utilizados. Nesta situa\u00e7\u00e3o, o profissional ser\u00e1 considerado respons\u00e1vel pelo tratamento dos dados.&nbsp;<\/p>\n\n\n\n<p><strong>Comunica\u00e7\u00e3o de Viola\u00e7\u00f5es de Dados Pessoais<\/strong><\/p>\n\n\n\n<p>Caso ocorra qualquer falha ou incidente que envolva dados pessoais, o profissional de sa\u00fade dever\u00e1 proceder \u00e0 comunica\u00e7\u00e3o do mesmo, de acordo com os procedimentos estabelecidos para o efeito. Na medida em que tenham informa\u00e7\u00e3o acerca do incidente, dever\u00e3o disponibiliz\u00e1-la aquando da comunica\u00e7\u00e3o. Em particular, dever\u00e3o comunicar a natureza da viola\u00e7\u00e3o dos dados pessoais incluindo, se poss\u00edvel, as categorias e o n\u00famero aproximado de titulares de dados afetados, bem como as categorias e o n\u00famero aproximado de registos de dados pessoais em causa.&nbsp;<\/p>\n\n\n\n<p><strong>Comunica\u00e7\u00e3o dos Dados a outras Entidades<\/strong><\/p>\n\n\n\n<p><strong>A Ambiglobal, Lda.<\/strong>&nbsp;apenas transmitir\u00e1 dados a terceiros, quando o seu titular o solicite ou autorize ou quando se tratar de uma imposi\u00e7\u00e3o legal.<br>Sempre que haja a necessidade de transmiss\u00e3o de determinados dados pessoais a subcontratantes, a&nbsp;<strong>Ambiglobal, Lda.<\/strong>, ir\u00e1 adotar medidas adequadas de forma a garantir que as entidades com quem os dados s\u00e3o partilhados t\u00eam implementadas medidas de seguran\u00e7a e prote\u00e7\u00e3o dos dados que permitam preservar os seus dados pessoais, assegurando ainda que os mesmos s\u00e3o utilizados de acordo com a finalidade previamente estabelecida.<br>Em caso de exig\u00eancia de dados pessoais por auditores ou autoridades externas, o seu fornecimento ser\u00e1 limitado ao estritamente necess\u00e1rio para que essas entidades possam executar adequadamente as tarefas e fun\u00e7\u00f5es que por via da lei ou de contrato lhes est\u00e3o cometidas.&nbsp;<\/p>\n\n\n\n<p><strong>Medidas de Seguran\u00e7a e Boas Pr\u00e1ticas<\/strong><\/p>\n\n\n\n<p><strong>A Ambiglobal, Lda.<\/strong>&nbsp;garante que colocar\u00e1 em pr\u00e1tica as medidas t\u00e9cnicas e organizativas adequadas para proteger os dados pessoais contra a destrui\u00e7\u00e3o acidental ou il\u00edcita, a perda acidental, a altera\u00e7\u00e3o, a difus\u00e3o ou acessos n\u00e3o autorizados, bem como a ado\u00e7\u00e3o de medidas que garantam um n\u00edvel de prote\u00e7\u00e3o adequados em rela\u00e7\u00e3o aos riscos inerentes ao tratamento e \u00e0 natureza dos dados a proteger.<br>\u2013 A informa\u00e7\u00e3o de sa\u00fade ser\u00e1 de acesso restrito ao m\u00e9dico ou, sob a sua dire\u00e7\u00e3o e controlo, a outros profissionais de sa\u00fade obrigados a sigilo profissional.<br>\u2013 Quando a recolha de dados pessoais referentes \u00e0 sa\u00fade n\u00e3o for efetuada diretamente pelo profissional de sa\u00fade (por exemplo, preenchimento de um question\u00e1rio diretamente pelo titular dos dados), ser\u00e3o medidas concretas quanto \u00e0 circula\u00e7\u00e3o dessa informa\u00e7\u00e3o, que impe\u00e7am a visualiza\u00e7\u00e3o dos dados por pessoa n\u00e3o autorizada, designadamente mediante entrega direta ao profissional de sa\u00fade ou entrega nos servi\u00e7os, em envelope fechado, endere\u00e7ado ao profissional de sa\u00fade.<br>\u2013 A ficha cl\u00ednica n\u00e3o deve conter dados sobre a ra\u00e7a, a nacionalidade, a origem \u00e9tnica ou informa\u00e7\u00e3o sobre h\u00e1bitos pessoais do trabalhador, salvo quando estes \u00faltimos estejam relacionados com patologias espec\u00edficas ou com outros dados de sa\u00fade. (cf. n.\u00ba 3 do artigo 109.\u00ba da Lei n.\u00ba 102\/2009, de 10 de Setembro).<br>\u2013 O empregador apenas dever\u00e1 ser informado dos resultados necess\u00e1rios \u00e0 tomada de decis\u00e3o em mat\u00e9ria de emprego, atrav\u00e9s da \u201cficha de aptid\u00e3o\u201d. A informa\u00e7\u00e3o de sa\u00fade em caso algum poder\u00e1 ser comunicada ao empregador.<br>\u2013 Sempre que haja circula\u00e7\u00e3o da informa\u00e7\u00e3o de sa\u00fade em rede, a transmiss\u00e3o dos dados deve ser cifrada.<br>\u2013 O sistema informatizado deve estar estruturado, de modo a permitir o acesso \u00e0 informa\u00e7\u00e3o de acordo com os diferentes n\u00edveis de acesso dos utilizadores, sendo atribu\u00eddas palavras passe de acesso ao software que disciplinem as autoriza\u00e7\u00f5es de acesso. Tais palavras passe devem ser periodicamente alteradas e eliminado o utilizador logo que estes deixem de ter permiss\u00f5es de acesso.<br>\u2013 Deve ser garantido o acesso restrito, sob ponto de vista f\u00edsico e l\u00f3gico, aos servidores do sistema, que devem manter um registo de auditoria \u00e0 informa\u00e7\u00e3o sens\u00edvel.<br>\u2013 As c\u00f3pias de seguran\u00e7a, devem ser mantidas em local apenas acess\u00edvel ao administrador de sistemas.<br>\u2013 No que diz respeito aos dados contidos em suporte de papel, ser\u00e3o adotadas medidas organizativas, que garantam um n\u00edvel de seguran\u00e7a id\u00eantico, impedindo o acesso e manuseamento indevidos.<br>\u2013 A ficha cl\u00ednica s\u00f3 pode ser facultada \u00e0s autoridades de sa\u00fade e aos m\u00e9dicos da Autoridade para as condi\u00e7\u00f5es de trabalho (cf. n.\u00ba 2 do artigo 109.\u00ba da Lei n.\u00ba 102\/2009, de 10 de Setembro).<br>\u2013 Nos termos do disposto na al\u00ednea e) do artigo 5.\u00ba do RGPD os dados apenas podem ser conservados durante o per\u00edodo necess\u00e1rio para a prossecu\u00e7\u00e3o das finalidades da recolha ou tratamento posterior.<br>\u2013 Nos termos do artigo 46.\u00ba da Lei n.\u00ba 102\/2009, cabe \u00e0 entidade patronal o dever de conservar os registos referentes aos aspetos subjacentes \u00e0 medicina no trabalho por, pelo menos, 40 anos ap\u00f3s terminada a exposi\u00e7\u00e3o dos trabalhadores a que digam respeito.<br>\u2013 O direito de informa\u00e7\u00e3o \u00e9 corol\u00e1rio dos princ\u00edpios da boa-f\u00e9, da lealdade e da transpar\u00eancia. Neste sentido, o titular dos dados deve ser informado de todas as opera\u00e7\u00f5es de tratamento de dados de dados pessoais e de obter, no momento da recolha desses dados, uma informa\u00e7\u00e3o rigorosa e completa das circunst\u00e2ncias dessa recolha, tal como estabelecido nos artigos 12.\u00ba e 13.\u00ba do Regulamento Geral de Prote\u00e7\u00e3o de Dados.<br>\u2013 O direito de acesso aos seus dados por parte do titular, bem como o direito de retificar ou solicitar o apagamento dos seus dados pessoais, se aplic\u00e1vel, s\u00e3o estabelecidos pela legisla\u00e7\u00e3o de prote\u00e7\u00e3o de dados pessoais. A efetiva\u00e7\u00e3o destes direitos \u00e9 essencial para a verifica\u00e7\u00e3o dos princ\u00edpios da minimiza\u00e7\u00e3o, exatid\u00e3o e atualiza\u00e7\u00e3o, adequa\u00e7\u00e3o e da limita\u00e7\u00e3o da conserva\u00e7\u00e3o.<br>\u2013 Nos termos do artigo 15.\u00ba do RGPD, o titular dos dados tem o direito de obter o acesso aos dados pessoais tratados. No caso de dados relacionados com sa\u00fade, o direito de acesso dever\u00e1 ser exercido por interm\u00e9dio do m\u00e9dico respons\u00e1vel pelas opera\u00e7\u00f5es de tratamento de dados. O mesmo se aplica ao direito de retifica\u00e7\u00e3o (previsto no artigo 16.\u00ba). Dada a especificidade do tratamento de dados de sa\u00fade, estes direitos dever\u00e3o ser exercidos diretamente junto de um m\u00e9dico ou profissional de sa\u00fade sujeito a segredo profissional, uma vez que o conhecimento destes dados est\u00e1 limitado a estas pessoas.<br>\u2013 A base legal para o tratamento de dados pessoais na \u00e1rea da medicina no trabalho \u00e9 a al\u00ednea h) do n\u00ba2 do artigo 9.\u00ba do RGPD.<br>\u2013 O direito ao apagamento da informa\u00e7\u00e3o n\u00e3o se aplica a esta opera\u00e7\u00e3o de tratamento por for\u00e7a do artigo 9. al\u00ednea h) e al\u00ednea c) do n\u00ba3 do artigo 17.\u00ba.b do RGPD.&nbsp;<\/p>\n\n\n\n<p><strong>Altera\u00e7\u00f5es \u00e0 pol\u00edtica de privacidade<\/strong><\/p>\n\n\n\n<p><strong>A Ambiglobal, Lda.<\/strong>&nbsp;reserva-se ao direito de, a qualquer altura, proceder a ajustamentos ou altera\u00e7\u00f5es \u00e0 presente \u201cPol\u00edtica de Privacidade\u201d, sendo tais altera\u00e7\u00f5es devidamente divulgadas no seu website.<\/p>\n\n\n\n<figure class=\"wp-block-image size-large\"><img loading=\"lazy\" decoding=\"async\" width=\"1024\" height=\"576\" src=\"https:\/\/ambiglobal.com\/web\/wp-content\/uploads\/2022\/06\/entrada-1024x576.jpg\" alt=\"\" class=\"wp-image-398\" srcset=\"https:\/\/ambiglobal.com\/web\/wp-content\/uploads\/2022\/06\/entrada-1024x576.jpg 1024w, https:\/\/ambiglobal.com\/web\/wp-content\/uploads\/2022\/06\/entrada-300x169.jpg 300w, https:\/\/ambiglobal.com\/web\/wp-content\/uploads\/2022\/06\/entrada-768x432.jpg 768w, https:\/\/ambiglobal.com\/web\/wp-content\/uploads\/2022\/06\/entrada-1536x864.jpg 1536w, https:\/\/ambiglobal.com\/web\/wp-content\/uploads\/2022\/06\/entrada-2048x1152.jpg 2048w\" sizes=\"auto, (max-width: 1024px) 100vw, 1024px\" \/><\/figure>\n","protected":false},"excerpt":{"rendered":"<p>A Pol\u00edtica de Prote\u00e7\u00e3o de Dados Pessoais da&nbsp;Ambiglobal \u2013 Presta\u00e7\u00e3o de Servi\u00e7os de Seguran\u00e7a Higiene e Sa\u00fade no Trabalho, Lda., adiante designada por&nbsp;Ambiglobal, Lda., pretende dar a conhecer a todos os clientes, colaboradores, prestadores de servi\u00e7os, ou qualquer entidade que direta ou indiretamente se relacione com esta no \u00e2mbito do desenvolvimento da sua atividade, as&hellip;&nbsp;<a href=\"https:\/\/ambiglobal.com\/web\/cookies-e-protecao-de-dados\/\" rel=\"bookmark\">Ler mais &raquo;<span class=\"screen-reader-text\">Cookies e prote\u00e7\u00e3o de dados<\/span><\/a><\/p>\n","protected":false},"author":1,"featured_media":0,"parent":0,"menu_order":0,"comment_status":"closed","ping_status":"closed","template":"","meta":{"neve_meta_sidebar":"","neve_meta_container":"","neve_meta_enable_content_width":"","neve_meta_content_width":0,"neve_meta_title_alignment":"","neve_meta_author_avatar":"","neve_post_elements_order":"","neve_meta_disable_header":"","neve_meta_disable_footer":"","neve_meta_disable_title":"","_themeisle_gutenberg_block_has_review":false,"footnotes":""},"class_list":["post-405","page","type-page","status-publish","hentry"],"yoast_head":"<!-- This site is optimized with the Yoast SEO plugin v27.5 - https:\/\/yoast.com\/product\/yoast-seo-wordpress\/ -->\n<title>Cookies e prote\u00e7\u00e3o de dados - Ambiglobal<\/title>\n<meta name=\"robots\" content=\"index, follow, max-snippet:-1, max-image-preview:large, max-video-preview:-1\" \/>\n<link rel=\"canonical\" href=\"https:\/\/ambiglobal.com\/web\/cookies-e-protecao-de-dados\/\" \/>\n<meta property=\"og:locale\" content=\"pt_PT\" \/>\n<meta property=\"og:type\" content=\"article\" \/>\n<meta property=\"og:title\" content=\"Cookies e prote\u00e7\u00e3o de dados - Ambiglobal\" \/>\n<meta property=\"og:description\" content=\"A Pol\u00edtica de Prote\u00e7\u00e3o de Dados Pessoais da&nbsp;Ambiglobal \u2013 Presta\u00e7\u00e3o de Servi\u00e7os de Seguran\u00e7a Higiene e Sa\u00fade no Trabalho, Lda., adiante designada por&nbsp;Ambiglobal, Lda., pretende dar a conhecer a todos os clientes, colaboradores, prestadores de servi\u00e7os, ou qualquer entidade que direta ou indiretamente se relacione com esta no \u00e2mbito do desenvolvimento da sua atividade, as&hellip;&nbsp;Ler mais &raquo;Cookies e prote\u00e7\u00e3o de dados\" \/>\n<meta property=\"og:url\" content=\"https:\/\/ambiglobal.com\/web\/cookies-e-protecao-de-dados\/\" \/>\n<meta property=\"og:site_name\" content=\"Ambiglobal\" \/>\n<meta property=\"article:modified_time\" content=\"2022-06-28T21:16:03+00:00\" \/>\n<meta property=\"og:image\" content=\"https:\/\/ambiglobal.com\/web\/wp-content\/uploads\/2022\/06\/entrada-1024x576.jpg\" \/>\n<meta name=\"twitter:card\" content=\"summary_large_image\" \/>\n<meta name=\"twitter:label1\" content=\"Tempo estimado de leitura\" \/>\n\t<meta name=\"twitter:data1\" content=\"12 minutos\" \/>\n<script type=\"application\/ld+json\" class=\"yoast-schema-graph\">{\"@context\":\"https:\\\/\\\/schema.org\",\"@graph\":[{\"@type\":\"WebPage\",\"@id\":\"https:\\\/\\\/ambiglobal.com\\\/web\\\/cookies-e-protecao-de-dados\\\/\",\"url\":\"https:\\\/\\\/ambiglobal.com\\\/web\\\/cookies-e-protecao-de-dados\\\/\",\"name\":\"Cookies e prote\u00e7\u00e3o de dados - Ambiglobal\",\"isPartOf\":{\"@id\":\"https:\\\/\\\/ambiglobal.com\\\/web\\\/#website\"},\"primaryImageOfPage\":{\"@id\":\"https:\\\/\\\/ambiglobal.com\\\/web\\\/cookies-e-protecao-de-dados\\\/#primaryimage\"},\"image\":{\"@id\":\"https:\\\/\\\/ambiglobal.com\\\/web\\\/cookies-e-protecao-de-dados\\\/#primaryimage\"},\"thumbnailUrl\":\"https:\\\/\\\/ambiglobal.com\\\/web\\\/wp-content\\\/uploads\\\/2022\\\/06\\\/entrada-1024x576.jpg\",\"datePublished\":\"2022-06-16T08:46:41+00:00\",\"dateModified\":\"2022-06-28T21:16:03+00:00\",\"breadcrumb\":{\"@id\":\"https:\\\/\\\/ambiglobal.com\\\/web\\\/cookies-e-protecao-de-dados\\\/#breadcrumb\"},\"inLanguage\":\"pt-PT\",\"potentialAction\":[{\"@type\":\"ReadAction\",\"target\":[\"https:\\\/\\\/ambiglobal.com\\\/web\\\/cookies-e-protecao-de-dados\\\/\"]}]},{\"@type\":\"ImageObject\",\"inLanguage\":\"pt-PT\",\"@id\":\"https:\\\/\\\/ambiglobal.com\\\/web\\\/cookies-e-protecao-de-dados\\\/#primaryimage\",\"url\":\"https:\\\/\\\/ambiglobal.com\\\/web\\\/wp-content\\\/uploads\\\/2022\\\/06\\\/entrada-scaled.jpg\",\"contentUrl\":\"https:\\\/\\\/ambiglobal.com\\\/web\\\/wp-content\\\/uploads\\\/2022\\\/06\\\/entrada-scaled.jpg\",\"width\":2560,\"height\":1440,\"caption\":\"Ambiglobal - interior\"},{\"@type\":\"BreadcrumbList\",\"@id\":\"https:\\\/\\\/ambiglobal.com\\\/web\\\/cookies-e-protecao-de-dados\\\/#breadcrumb\",\"itemListElement\":[{\"@type\":\"ListItem\",\"position\":1,\"name\":\"In\u00edcio\",\"item\":\"https:\\\/\\\/ambiglobal.com\\\/web\\\/\"},{\"@type\":\"ListItem\",\"position\":2,\"name\":\"Cookies e prote\u00e7\u00e3o de dados\"}]},{\"@type\":\"WebSite\",\"@id\":\"https:\\\/\\\/ambiglobal.com\\\/web\\\/#website\",\"url\":\"https:\\\/\\\/ambiglobal.com\\\/web\\\/\",\"name\":\"Ambiglobal\",\"description\":\"Medicina, Seguran\u00e7a e Forma\u00e7\u00e3o\",\"publisher\":{\"@id\":\"https:\\\/\\\/ambiglobal.com\\\/web\\\/#organization\"},\"potentialAction\":[{\"@type\":\"SearchAction\",\"target\":{\"@type\":\"EntryPoint\",\"urlTemplate\":\"https:\\\/\\\/ambiglobal.com\\\/web\\\/?s={search_term_string}\"},\"query-input\":{\"@type\":\"PropertyValueSpecification\",\"valueRequired\":true,\"valueName\":\"search_term_string\"}}],\"inLanguage\":\"pt-PT\"},{\"@type\":\"Organization\",\"@id\":\"https:\\\/\\\/ambiglobal.com\\\/web\\\/#organization\",\"name\":\"Ambiglobal\",\"url\":\"https:\\\/\\\/ambiglobal.com\\\/web\\\/\",\"logo\":{\"@type\":\"ImageObject\",\"inLanguage\":\"pt-PT\",\"@id\":\"https:\\\/\\\/ambiglobal.com\\\/web\\\/#\\\/schema\\\/logo\\\/image\\\/\",\"url\":\"https:\\\/\\\/ambiglobal.com\\\/web\\\/wp-content\\\/uploads\\\/2020\\\/12\\\/neve-doctor-logo-2.png\",\"contentUrl\":\"https:\\\/\\\/ambiglobal.com\\\/web\\\/wp-content\\\/uploads\\\/2020\\\/12\\\/neve-doctor-logo-2.png\",\"width\":200,\"height\":200,\"caption\":\"Ambiglobal\"},\"image\":{\"@id\":\"https:\\\/\\\/ambiglobal.com\\\/web\\\/#\\\/schema\\\/logo\\\/image\\\/\"}}]}<\/script>\n<!-- \/ Yoast SEO plugin. -->","yoast_head_json":{"title":"Cookies e prote\u00e7\u00e3o de dados - Ambiglobal","robots":{"index":"index","follow":"follow","max-snippet":"max-snippet:-1","max-image-preview":"max-image-preview:large","max-video-preview":"max-video-preview:-1"},"canonical":"https:\/\/ambiglobal.com\/web\/cookies-e-protecao-de-dados\/","og_locale":"pt_PT","og_type":"article","og_title":"Cookies e prote\u00e7\u00e3o de dados - Ambiglobal","og_description":"A Pol\u00edtica de Prote\u00e7\u00e3o de Dados Pessoais da&nbsp;Ambiglobal \u2013 Presta\u00e7\u00e3o de Servi\u00e7os de Seguran\u00e7a Higiene e Sa\u00fade no Trabalho, Lda., adiante designada por&nbsp;Ambiglobal, Lda., pretende dar a conhecer a todos os clientes, colaboradores, prestadores de servi\u00e7os, ou qualquer entidade que direta ou indiretamente se relacione com esta no \u00e2mbito do desenvolvimento da sua atividade, as&hellip;&nbsp;Ler mais &raquo;Cookies e prote\u00e7\u00e3o de dados","og_url":"https:\/\/ambiglobal.com\/web\/cookies-e-protecao-de-dados\/","og_site_name":"Ambiglobal","article_modified_time":"2022-06-28T21:16:03+00:00","og_image":[{"url":"https:\/\/ambiglobal.com\/web\/wp-content\/uploads\/2022\/06\/entrada-1024x576.jpg","type":"","width":"","height":""}],"twitter_card":"summary_large_image","twitter_misc":{"Tempo estimado de leitura":"12 minutos"},"schema":{"@context":"https:\/\/schema.org","@graph":[{"@type":"WebPage","@id":"https:\/\/ambiglobal.com\/web\/cookies-e-protecao-de-dados\/","url":"https:\/\/ambiglobal.com\/web\/cookies-e-protecao-de-dados\/","name":"Cookies e prote\u00e7\u00e3o de dados - Ambiglobal","isPartOf":{"@id":"https:\/\/ambiglobal.com\/web\/#website"},"primaryImageOfPage":{"@id":"https:\/\/ambiglobal.com\/web\/cookies-e-protecao-de-dados\/#primaryimage"},"image":{"@id":"https:\/\/ambiglobal.com\/web\/cookies-e-protecao-de-dados\/#primaryimage"},"thumbnailUrl":"https:\/\/ambiglobal.com\/web\/wp-content\/uploads\/2022\/06\/entrada-1024x576.jpg","datePublished":"2022-06-16T08:46:41+00:00","dateModified":"2022-06-28T21:16:03+00:00","breadcrumb":{"@id":"https:\/\/ambiglobal.com\/web\/cookies-e-protecao-de-dados\/#breadcrumb"},"inLanguage":"pt-PT","potentialAction":[{"@type":"ReadAction","target":["https:\/\/ambiglobal.com\/web\/cookies-e-protecao-de-dados\/"]}]},{"@type":"ImageObject","inLanguage":"pt-PT","@id":"https:\/\/ambiglobal.com\/web\/cookies-e-protecao-de-dados\/#primaryimage","url":"https:\/\/ambiglobal.com\/web\/wp-content\/uploads\/2022\/06\/entrada-scaled.jpg","contentUrl":"https:\/\/ambiglobal.com\/web\/wp-content\/uploads\/2022\/06\/entrada-scaled.jpg","width":2560,"height":1440,"caption":"Ambiglobal - interior"},{"@type":"BreadcrumbList","@id":"https:\/\/ambiglobal.com\/web\/cookies-e-protecao-de-dados\/#breadcrumb","itemListElement":[{"@type":"ListItem","position":1,"name":"In\u00edcio","item":"https:\/\/ambiglobal.com\/web\/"},{"@type":"ListItem","position":2,"name":"Cookies e prote\u00e7\u00e3o de dados"}]},{"@type":"WebSite","@id":"https:\/\/ambiglobal.com\/web\/#website","url":"https:\/\/ambiglobal.com\/web\/","name":"Ambiglobal","description":"Medicina, Seguran\u00e7a e Forma\u00e7\u00e3o","publisher":{"@id":"https:\/\/ambiglobal.com\/web\/#organization"},"potentialAction":[{"@type":"SearchAction","target":{"@type":"EntryPoint","urlTemplate":"https:\/\/ambiglobal.com\/web\/?s={search_term_string}"},"query-input":{"@type":"PropertyValueSpecification","valueRequired":true,"valueName":"search_term_string"}}],"inLanguage":"pt-PT"},{"@type":"Organization","@id":"https:\/\/ambiglobal.com\/web\/#organization","name":"Ambiglobal","url":"https:\/\/ambiglobal.com\/web\/","logo":{"@type":"ImageObject","inLanguage":"pt-PT","@id":"https:\/\/ambiglobal.com\/web\/#\/schema\/logo\/image\/","url":"https:\/\/ambiglobal.com\/web\/wp-content\/uploads\/2020\/12\/neve-doctor-logo-2.png","contentUrl":"https:\/\/ambiglobal.com\/web\/wp-content\/uploads\/2020\/12\/neve-doctor-logo-2.png","width":200,"height":200,"caption":"Ambiglobal"},"image":{"@id":"https:\/\/ambiglobal.com\/web\/#\/schema\/logo\/image\/"}}]}},"_links":{"self":[{"href":"https:\/\/ambiglobal.com\/web\/wp-json\/wp\/v2\/pages\/405","targetHints":{"allow":["GET"]}}],"collection":[{"href":"https:\/\/ambiglobal.com\/web\/wp-json\/wp\/v2\/pages"}],"about":[{"href":"https:\/\/ambiglobal.com\/web\/wp-json\/wp\/v2\/types\/page"}],"author":[{"embeddable":true,"href":"https:\/\/ambiglobal.com\/web\/wp-json\/wp\/v2\/users\/1"}],"replies":[{"embeddable":true,"href":"https:\/\/ambiglobal.com\/web\/wp-json\/wp\/v2\/comments?post=405"}],"version-history":[{"count":2,"href":"https:\/\/ambiglobal.com\/web\/wp-json\/wp\/v2\/pages\/405\/revisions"}],"predecessor-version":[{"id":615,"href":"https:\/\/ambiglobal.com\/web\/wp-json\/wp\/v2\/pages\/405\/revisions\/615"}],"wp:attachment":[{"href":"https:\/\/ambiglobal.com\/web\/wp-json\/wp\/v2\/media?parent=405"}],"curies":[{"name":"wp","href":"https:\/\/api.w.org\/{rel}","templated":true}]}}