{"id":88,"date":"2020-07-02T17:53:25","date_gmt":"2020-07-02T17:53:25","guid":{"rendered":"https:\/\/demosites.io\/doctor-gb\/?page_id=88"},"modified":"2023-01-08T17:19:48","modified_gmt":"2023-01-08T17:19:48","slug":"sobre-nos","status":"publish","type":"page","link":"https:\/\/ambiglobal.com\/web\/sobre-nos\/","title":{"rendered":"Sobre N\u00f3s"},"content":{"rendered":"\n<h1 class=\"has-text-align-center wp-block-heading\">Sobre N\u00f3s<\/h1>\n\n\n\n<div style=\"height:15px\" aria-hidden=\"true\" class=\"wp-block-spacer\"><\/div>\n\n\n\n<p class=\"has-medium-font-size\"><strong>Apostamos na diferencia\u00e7\u00e3o, otimiza\u00e7\u00e3o e produtividade.<\/strong><\/p>\n\n\n\n<p>\u00c9 com esta perspetiva que a&nbsp;<strong>AMBIGLOBAL<\/strong>&nbsp;continua a servir os seus clientes, os quais podem contar com uma ampla oferta de servi\u00e7os. A aposta na forma\u00e7\u00e3o cont\u00ednua, condi\u00e7\u00e3o necess\u00e1ria para o desenvolvimento de qualquer empresa, est\u00e1 na base da adapta\u00e7\u00e3o a um mundo em constante mudan\u00e7a tecnol\u00f3gica.&nbsp;<\/p>\n\n\n\n<p><strong>A empresa aborda os diferentes sectores e mercados da seguinte forma:<\/strong><\/p>\n\n\n\n<ul class=\"wp-block-list\">\n<li>Investindo na forma\u00e7\u00e3o dos seus colaboradores e parceiros;<\/li>\n\n\n\n<li>Concebendo e desenvolvendo planos de forma\u00e7\u00e3o adequados \u00e0s necessidades reais das empresas;<\/li>\n\n\n\n<li>Identificando novos parceiros e oportunidades de neg\u00f3cio;<\/li>\n\n\n\n<li>Prestando servi\u00e7os de seguran\u00e7a e sa\u00fade no trabalho, \u00e0s empresas suas clientes, designadamente avalia\u00e7\u00f5es de riscos, avalia\u00e7\u00f5es de ru\u00eddo ocupacional, avalia\u00e7\u00f5es de ilumina\u00e7\u00e3o, avalia\u00e7\u00f5es de conforto t\u00e9rmico, elabora\u00e7\u00e3o de medidas de autoprote\u00e7\u00e3o, coordena\u00e7\u00e3o de seguran\u00e7a em obra e elabora\u00e7\u00e3o de planos de seguran\u00e7a e sa\u00fade.<\/li>\n\n\n\n<li>Prestando servi\u00e7os de seguran\u00e7a alimentar.<\/li>\n\n\n\n<li>Prestando servi\u00e7os de fiscaliza\u00e7\u00e3o de obras.<\/li>\n<\/ul>\n\n\n\n<div id=\"wp-block-themeisle-blocks-slider-58a50db4\" class=\"wp-block-themeisle-blocks-slider glide\" data-per-view=\"1\" data-gap=\"0\" data-peek=\"0\" data-autoplay=\"true\" data-height=\"400px\" data-hide-arrows=\"false\"><div class=\"glide__track\" data-glide-el=\"track\"><div class=\"glide__slides\"><div class=\"wp-block-themeisle-blocks-slider-item-wrapper glide__slide\" tabindex=\"0\"><figure><img decoding=\"async\" class=\"wp-block-themeisle-blocks-slider-item\" src=\"https:\/\/ambiglobal.com\/web\/wp-content\/uploads\/2022\/08\/unrecognizable-man-neon-safety-vest-business-suit-sitting-desk-using-laptop.jpg\" alt=\"T\u00e9cnico de Seguran\u00e7a Ambiglobal\" title=\"T\u00e9cnico de Seguran\u00e7a Ambiglobal\" data-id=\"716\"\/><figcaption>T\u00e9cnico de Seguran\u00e7a Ambiglobal<\/figcaption><\/figure><\/div><div class=\"wp-block-themeisle-blocks-slider-item-wrapper glide__slide\" tabindex=\"0\"><figure><img decoding=\"async\" class=\"wp-block-themeisle-blocks-slider-item\" src=\"https:\/\/ambiglobal.com\/web\/wp-content\/uploads\/2022\/08\/image-3.png\" alt=\"Medicina do Trabalho Ambiglobal\" title=\"Medicina do Trabalho Ambiglobal\" data-id=\"715\"\/><figcaption>Medicina do Trabalho Ambiglobal<\/figcaption><\/figure><\/div><div class=\"wp-block-themeisle-blocks-slider-item-wrapper glide__slide\" tabindex=\"0\"><figure><img decoding=\"async\" class=\"wp-block-themeisle-blocks-slider-item\" src=\"https:\/\/ambiglobal.com\/web\/wp-content\/uploads\/2022\/08\/seguranca-e-saude-ocupacional.jpg\" alt=\"Medicina do Trabalho Ambiglobal\" title=\"Medicina do Trabalho Ambiglobal\" data-id=\"714\"\/><figcaption>Medicina do Trabalho Ambiglobal<\/figcaption><\/figure><\/div><\/div><div class=\"glide__bullets\" data-glide-el=\"controls[nav]\"><button class=\"glide__bullet\" data-glide-dir=\"=0\"><\/button><button class=\"glide__bullet\" data-glide-dir=\"=1\"><\/button><button class=\"glide__bullet\" data-glide-dir=\"=2\"><\/button><\/div><\/div><\/div>\n\n\n\n<div style=\"height:26px\" aria-hidden=\"true\" class=\"wp-block-spacer\"><\/div>\n\n\n\n<p class=\"has-medium-font-size\"><strong>Avalia\u00e7\u00e3o de Ru\u00eddo Ocupacional<\/strong><\/p>\n\n\n\n<p>O ru\u00eddo \u00e9 um problema transversal a todas as atividades econ\u00f3micas, sobretudo nas ind\u00fastrias transformadoras, extrativas, da constru\u00e7\u00e3o, bem como noutros ramos industriais. A exposi\u00e7\u00e3o continuada tem como consequ\u00eancia diversas limita\u00e7\u00f5es e incapacidades. Para al\u00e9m de ser respons\u00e1vel pela perda auditiva, o ru\u00eddo gera riscos acrescidos de acidentes de trabalho, devido \u00e0s dificuldades de comunica\u00e7\u00e3o em meio laboral. O ru\u00eddo est\u00e1 tamb\u00e9m na origem de problemas psicossociais tais como o stress e a ansiedade.<\/p>\n\n\n\n<p>A Ambiglobal possui t\u00e9cnicos qualificados e equipamentos de avalia\u00e7\u00e3o certificados para realizar as medi\u00e7\u00f5es necess\u00e1rias ao cumprimento das obriga\u00e7\u00f5es legais decorrentes do&nbsp;Decreto-Lei n.\u00ba 182\/2006, de 6 de setembro, relativo \u00e0s prescri\u00e7\u00f5es m\u00ednimas de seguran\u00e7a e de sa\u00fade em mat\u00e9ria de exposi\u00e7\u00e3o dos trabalhadores ao ru\u00eddo, sendo aplic\u00e1vel a todas as atividades dos setores p\u00fablico e privado.<\/p>\n\n\n\n<p class=\"has-medium-font-size\"><strong>Avalia\u00e7\u00e3o de Ilumina\u00e7\u00e3o<\/strong><\/p>\n\n\n\n<p>A avalia\u00e7\u00e3o do n\u00edvel de ilumina\u00e7\u00e3o nos locais de trabalho \u00e9 aferida atrav\u00e9s da ilumin\u00e2ncia, ou seja, pela medi\u00e7\u00e3o do fluxo luminoso incidente no plano de trabalho. A ilumin\u00e2ncia \u00e9 medida por um equipamento denominado por lux\u00edmetro, constitu\u00eddo por uma c\u00e9lula fotoel\u00e9trica. Os valores medidos s\u00e3o comparados com a norma ISO 8995-1:2002, onde s\u00e3o apresentados os n\u00edveis de ilumin\u00e2ncia recomendados para as atividades desempenhadas pelos trabalhadores. Segundo a mesma norma, uma boa ilumina\u00e7\u00e3o permite a realiza\u00e7\u00e3o das tarefas em seguran\u00e7a e de forma eficiente e precisa, sem causar cansa\u00e7o e\/ou desconforto visual.&nbsp;<\/p>\n\n\n\n<p class=\"has-medium-font-size\"><strong>Avalia\u00e7\u00e3o de Conforto T\u00e9cnico<\/strong><\/p>\n\n\n\n<p>As condi\u00e7\u00f5es t\u00e9rmicas s\u00e3o essenciais nos locais de trabalho, uma vez que, as mesmas influenciam o bem-estar, a produtividade e o desempenho dos trabalhadores. A sobrecarga t\u00e9rmica ou \u201cstress\u201d t\u00e9rmico, avalia a exposi\u00e7\u00e3o do corpo humano a ambientes de temperaturas extremas. O conforto t\u00e9rmico, relaciona a temperatura, humidade e velocidade do ar existentes nos locais com situa\u00e7\u00f5es de desconforto.<\/p>\n\n\n\n<p class=\"has-medium-font-size\"><strong>Elabora\u00e7\u00e3o de Medidas de Autoprote\u00e7\u00e3o<\/strong><\/p>\n\n\n\n<p>A Ambiglobal disp\u00f5e de t\u00e9cnicos credenciados, registados na&nbsp;ANEPC \u2013 Autoridade Nacional de Emerg\u00eancia e Prote\u00e7\u00e3o Civil, os quais elaboram as medidas de autoprote\u00e7\u00e3o conforme as exig\u00eancias previstas na legisla\u00e7\u00e3o em vigor.<\/p>\n\n\n\n<p class=\"has-medium-font-size\"><strong>Coordena\u00e7\u00e3o de Seguran\u00e7a em Obra<\/strong><\/p>\n\n\n\n<p>Constitui uma obriga\u00e7\u00e3o legal ao abrigo do Decreto-lei 273\/2003 de 29 de outubro, que regulamenta as condi\u00e7\u00f5es de&nbsp;seguran\u00e7a&nbsp;e de sa\u00fade no trabalho em estaleiros tempor\u00e1rios ou m\u00f3veis.<\/p>\n\n\n\n<p>A coordena\u00e7\u00e3o e seguran\u00e7a \u00e9 assegurada por t\u00e9cnicos especializados, os quais adotam metodologias adequadas para identifica\u00e7\u00e3o de perigos, an\u00e1lise de riscos e sua preven\u00e7\u00e3o, em todas as fases do desenvolvimento da obra, integrando todos os intervenientes na mesma e entidades fiscalizadoras.<\/p>\n\n\n\n<p class=\"has-medium-font-size\"><strong>Planos de Seguran\u00e7a e Sa\u00fade<\/strong><\/p>\n\n\n\n<p>A Ambiglobal disp\u00f5e de uma equipa de t\u00e9cnicos experientes para o desenvolvimento de planos de seguran\u00e7a e avalia\u00e7\u00e3o de riscos profissionais, respons\u00e1veis pela posterior implementa\u00e7\u00e3o e acompanhamento, seja em obra, seja na empresa em si mesma.<\/p>\n\n\n\n<p class=\"has-medium-font-size\"><strong>Forma\u00e7\u00e3o Profissional Certificada<\/strong><\/p>\n\n\n\n<p><strong>Porqu\u00ea escolher a Ambiglobal &#8211; Medicina &amp; Seguran\u00e7a como a sua entidade formadora de elei\u00e7\u00e3o?<\/strong><\/p>\n\n\n\n<p>Diferencia\u00e7\u00e3o de Mercado:<\/p>\n\n\n\n<ul class=\"wp-block-list\">\n<li>Forma\u00e7\u00e3o \u00e0 medida do cliente;<\/li>\n\n\n\n<li>Planos de forma\u00e7\u00e3o standard;<\/li>\n\n\n\n<li>Forma\u00e7\u00e3o ministrada nas instala\u00e7\u00f5es do cliente aproveitando os Recursos Humanos;<\/li>\n\n\n\n<li>Calendariza\u00e7\u00e3o da forma\u00e7\u00e3o de acordo com a disponibilidade do cliente;<\/li>\n\n\n\n<li>Solu\u00e7\u00f5es formativas e-learning totalmente s\u00edncronas;<\/li>\n\n\n\n<li>Acompanhamento individualizado do cliente.<\/li>\n<\/ul>\n\n\n\n<p>Como i<strong>mplementamos o Plano de Forma\u00e7\u00e3o \u00e0 Medida?<\/strong><\/p>\n\n\n\n<ul class=\"wp-block-list\">\n<li>Diagn\u00f3stico de necessidades formativas;<\/li>\n\n\n\n<li>Conce\u00e7\u00e3o de um Plano de Forma\u00e7\u00e3o \u00e0 Medida das necessidades identificadas;<\/li>\n\n\n\n<li>Desenvolvimento da calendariza\u00e7\u00e3o formativa de acordo com a disponibilidade do cliente;<\/li>\n\n\n\n<li>Acompanhamento individualizado de todo o processo formativo<\/li>\n\n\n\n<li>Gest\u00e3o de projetos e planeamento da forma\u00e7\u00e3o<\/li>\n\n\n\n<li>Em casos de financiamento, consultoria e elabora\u00e7\u00e3o de todo o processo de candidatura.<\/li>\n<\/ul>\n\n\n\n<div class=\"wp-block-cover alignfull is-light\" style=\"min-height:300px;aspect-ratio:unset;\"><span aria-hidden=\"true\" class=\"wp-block-cover__background has-background-dim-90 has-background-dim has-background-gradient has-midnight-gradient-background\"><\/span><div class=\"wp-block-cover__inner-container is-layout-flow wp-block-cover-is-layout-flow\">\n<div class=\"wp-block-columns alignwide are-vertically-aligned-center is-layout-flex wp-container-core-columns-is-layout-9d6595d7 wp-block-columns-is-layout-flex\">\n<div class=\"wp-block-column is-vertically-aligned-center is-layout-flow wp-block-column-is-layout-flow\" style=\"flex-basis:66.66%\">\n<h1 class=\"has-nv-site-bg-color has-text-color wp-block-heading\">Fale Connosco!<\/h1>\n\n\n\n<div class=\"wp-block-buttons is-horizontal is-content-justification-left is-layout-flex wp-container-core-buttons-is-layout-7e5fce0a wp-block-buttons-is-layout-flex\">\n<div class=\"wp-block-button is-style-primary\"><a class=\"wp-block-button__link wp-element-button\" href=\"https:\/\/ambiglobal.com\/web\/contactos\/\">Contactos<\/a><\/div>\n<\/div>\n<\/div>\n<\/div>\n<\/div><\/div>\n","protected":false},"excerpt":{"rendered":"<p>Sobre N\u00f3s Apostamos na diferencia\u00e7\u00e3o, otimiza\u00e7\u00e3o e produtividade. \u00c9 com esta perspetiva que a&nbsp;AMBIGLOBAL&nbsp;continua a servir os seus clientes, os quais podem contar com uma ampla oferta de servi\u00e7os. A aposta na forma\u00e7\u00e3o cont\u00ednua, condi\u00e7\u00e3o necess\u00e1ria para o desenvolvimento de qualquer empresa, est\u00e1 na base da adapta\u00e7\u00e3o a um mundo em constante mudan\u00e7a tecnol\u00f3gica.&nbsp; A&hellip;&nbsp;<a href=\"https:\/\/ambiglobal.com\/web\/sobre-nos\/\" rel=\"bookmark\">Ler mais &raquo;<span class=\"screen-reader-text\">Sobre N\u00f3s<\/span><\/a><\/p>\n","protected":false},"author":1,"featured_media":0,"parent":0,"menu_order":0,"comment_status":"closed","ping_status":"closed","template":"","meta":{"neve_meta_sidebar":"full-width","neve_meta_container":"","neve_meta_enable_content_width":"on","neve_meta_content_width":100,"neve_meta_title_alignment":"","neve_meta_author_avatar":"","neve_post_elements_order":"","neve_meta_disable_header":"","neve_meta_disable_footer":"","neve_meta_disable_title":"on","_themeisle_gutenberg_block_has_review":false,"footnotes":""},"class_list":["post-88","page","type-page","status-publish","hentry"],"yoast_head":"<!-- This site is optimized with the Yoast SEO plugin v27.5 - https:\/\/yoast.com\/product\/yoast-seo-wordpress\/ -->\n<title>Sobre N\u00f3s - Ambiglobal<\/title>\n<meta name=\"robots\" content=\"index, follow, max-snippet:-1, max-image-preview:large, max-video-preview:-1\" \/>\n<link rel=\"canonical\" href=\"https:\/\/ambiglobal.com\/web\/sobre-nos\/\" \/>\n<meta property=\"og:locale\" content=\"pt_PT\" \/>\n<meta property=\"og:type\" content=\"article\" \/>\n<meta property=\"og:title\" content=\"Sobre N\u00f3s - Ambiglobal\" \/>\n<meta property=\"og:description\" content=\"Sobre N\u00f3s Apostamos na diferencia\u00e7\u00e3o, otimiza\u00e7\u00e3o e produtividade. \u00c9 com esta perspetiva que a&nbsp;AMBIGLOBAL&nbsp;continua a servir os seus clientes, os quais podem contar com uma ampla oferta de servi\u00e7os. A aposta na forma\u00e7\u00e3o cont\u00ednua, condi\u00e7\u00e3o necess\u00e1ria para o desenvolvimento de qualquer empresa, est\u00e1 na base da adapta\u00e7\u00e3o a um mundo em constante mudan\u00e7a tecnol\u00f3gica.&nbsp; A&hellip;&nbsp;Ler mais &raquo;Sobre N\u00f3s\" \/>\n<meta property=\"og:url\" content=\"https:\/\/ambiglobal.com\/web\/sobre-nos\/\" \/>\n<meta property=\"og:site_name\" content=\"Ambiglobal\" \/>\n<meta property=\"article:modified_time\" content=\"2023-01-08T17:19:48+00:00\" \/>\n<meta property=\"og:image\" content=\"https:\/\/ambiglobal.com\/web\/wp-content\/uploads\/2022\/08\/unrecognizable-man-neon-safety-vest-business-suit-sitting-desk-using-laptop.jpg\" \/>\n<meta name=\"twitter:card\" content=\"summary_large_image\" \/>\n<meta name=\"twitter:label1\" content=\"Tempo estimado de leitura\" \/>\n\t<meta name=\"twitter:data1\" content=\"5 minutos\" \/>\n<script type=\"application\/ld+json\" class=\"yoast-schema-graph\">{\"@context\":\"https:\\\/\\\/schema.org\",\"@graph\":[{\"@type\":\"WebPage\",\"@id\":\"https:\\\/\\\/ambiglobal.com\\\/web\\\/sobre-nos\\\/\",\"url\":\"https:\\\/\\\/ambiglobal.com\\\/web\\\/sobre-nos\\\/\",\"name\":\"Sobre N\u00f3s - Ambiglobal\",\"isPartOf\":{\"@id\":\"https:\\\/\\\/ambiglobal.com\\\/web\\\/#website\"},\"primaryImageOfPage\":{\"@id\":\"https:\\\/\\\/ambiglobal.com\\\/web\\\/sobre-nos\\\/#primaryimage\"},\"image\":{\"@id\":\"https:\\\/\\\/ambiglobal.com\\\/web\\\/sobre-nos\\\/#primaryimage\"},\"thumbnailUrl\":\"https:\\\/\\\/ambiglobal.com\\\/web\\\/wp-content\\\/uploads\\\/2022\\\/08\\\/unrecognizable-man-neon-safety-vest-business-suit-sitting-desk-using-laptop.jpg\",\"datePublished\":\"2020-07-02T17:53:25+00:00\",\"dateModified\":\"2023-01-08T17:19:48+00:00\",\"breadcrumb\":{\"@id\":\"https:\\\/\\\/ambiglobal.com\\\/web\\\/sobre-nos\\\/#breadcrumb\"},\"inLanguage\":\"pt-PT\",\"potentialAction\":[{\"@type\":\"ReadAction\",\"target\":[\"https:\\\/\\\/ambiglobal.com\\\/web\\\/sobre-nos\\\/\"]}]},{\"@type\":\"ImageObject\",\"inLanguage\":\"pt-PT\",\"@id\":\"https:\\\/\\\/ambiglobal.com\\\/web\\\/sobre-nos\\\/#primaryimage\",\"url\":\"https:\\\/\\\/ambiglobal.com\\\/web\\\/wp-content\\\/uploads\\\/2022\\\/08\\\/unrecognizable-man-neon-safety-vest-business-suit-sitting-desk-using-laptop.jpg\",\"contentUrl\":\"https:\\\/\\\/ambiglobal.com\\\/web\\\/wp-content\\\/uploads\\\/2022\\\/08\\\/unrecognizable-man-neon-safety-vest-business-suit-sitting-desk-using-laptop.jpg\",\"width\":1500,\"height\":1001,\"caption\":\"T\u00e9cnico de Seguran\u00e7a Ambiglobal\"},{\"@type\":\"BreadcrumbList\",\"@id\":\"https:\\\/\\\/ambiglobal.com\\\/web\\\/sobre-nos\\\/#breadcrumb\",\"itemListElement\":[{\"@type\":\"ListItem\",\"position\":1,\"name\":\"In\u00edcio\",\"item\":\"https:\\\/\\\/ambiglobal.com\\\/web\\\/\"},{\"@type\":\"ListItem\",\"position\":2,\"name\":\"Sobre N\u00f3s\"}]},{\"@type\":\"WebSite\",\"@id\":\"https:\\\/\\\/ambiglobal.com\\\/web\\\/#website\",\"url\":\"https:\\\/\\\/ambiglobal.com\\\/web\\\/\",\"name\":\"Ambiglobal\",\"description\":\"Medicina, Seguran\u00e7a e Forma\u00e7\u00e3o\",\"publisher\":{\"@id\":\"https:\\\/\\\/ambiglobal.com\\\/web\\\/#organization\"},\"potentialAction\":[{\"@type\":\"SearchAction\",\"target\":{\"@type\":\"EntryPoint\",\"urlTemplate\":\"https:\\\/\\\/ambiglobal.com\\\/web\\\/?s={search_term_string}\"},\"query-input\":{\"@type\":\"PropertyValueSpecification\",\"valueRequired\":true,\"valueName\":\"search_term_string\"}}],\"inLanguage\":\"pt-PT\"},{\"@type\":\"Organization\",\"@id\":\"https:\\\/\\\/ambiglobal.com\\\/web\\\/#organization\",\"name\":\"Ambiglobal\",\"url\":\"https:\\\/\\\/ambiglobal.com\\\/web\\\/\",\"logo\":{\"@type\":\"ImageObject\",\"inLanguage\":\"pt-PT\",\"@id\":\"https:\\\/\\\/ambiglobal.com\\\/web\\\/#\\\/schema\\\/logo\\\/image\\\/\",\"url\":\"https:\\\/\\\/ambiglobal.com\\\/web\\\/wp-content\\\/uploads\\\/2020\\\/12\\\/neve-doctor-logo-2.png\",\"contentUrl\":\"https:\\\/\\\/ambiglobal.com\\\/web\\\/wp-content\\\/uploads\\\/2020\\\/12\\\/neve-doctor-logo-2.png\",\"width\":200,\"height\":200,\"caption\":\"Ambiglobal\"},\"image\":{\"@id\":\"https:\\\/\\\/ambiglobal.com\\\/web\\\/#\\\/schema\\\/logo\\\/image\\\/\"}}]}<\/script>\n<!-- \/ Yoast SEO plugin. -->","yoast_head_json":{"title":"Sobre N\u00f3s - Ambiglobal","robots":{"index":"index","follow":"follow","max-snippet":"max-snippet:-1","max-image-preview":"max-image-preview:large","max-video-preview":"max-video-preview:-1"},"canonical":"https:\/\/ambiglobal.com\/web\/sobre-nos\/","og_locale":"pt_PT","og_type":"article","og_title":"Sobre N\u00f3s - Ambiglobal","og_description":"Sobre N\u00f3s Apostamos na diferencia\u00e7\u00e3o, otimiza\u00e7\u00e3o e produtividade. \u00c9 com esta perspetiva que a&nbsp;AMBIGLOBAL&nbsp;continua a servir os seus clientes, os quais podem contar com uma ampla oferta de servi\u00e7os. A aposta na forma\u00e7\u00e3o cont\u00ednua, condi\u00e7\u00e3o necess\u00e1ria para o desenvolvimento de qualquer empresa, est\u00e1 na base da adapta\u00e7\u00e3o a um mundo em constante mudan\u00e7a tecnol\u00f3gica.&nbsp; A&hellip;&nbsp;Ler mais &raquo;Sobre N\u00f3s","og_url":"https:\/\/ambiglobal.com\/web\/sobre-nos\/","og_site_name":"Ambiglobal","article_modified_time":"2023-01-08T17:19:48+00:00","og_image":[{"url":"https:\/\/ambiglobal.com\/web\/wp-content\/uploads\/2022\/08\/unrecognizable-man-neon-safety-vest-business-suit-sitting-desk-using-laptop.jpg","type":"","width":"","height":""}],"twitter_card":"summary_large_image","twitter_misc":{"Tempo estimado de leitura":"5 minutos"},"schema":{"@context":"https:\/\/schema.org","@graph":[{"@type":"WebPage","@id":"https:\/\/ambiglobal.com\/web\/sobre-nos\/","url":"https:\/\/ambiglobal.com\/web\/sobre-nos\/","name":"Sobre N\u00f3s - Ambiglobal","isPartOf":{"@id":"https:\/\/ambiglobal.com\/web\/#website"},"primaryImageOfPage":{"@id":"https:\/\/ambiglobal.com\/web\/sobre-nos\/#primaryimage"},"image":{"@id":"https:\/\/ambiglobal.com\/web\/sobre-nos\/#primaryimage"},"thumbnailUrl":"https:\/\/ambiglobal.com\/web\/wp-content\/uploads\/2022\/08\/unrecognizable-man-neon-safety-vest-business-suit-sitting-desk-using-laptop.jpg","datePublished":"2020-07-02T17:53:25+00:00","dateModified":"2023-01-08T17:19:48+00:00","breadcrumb":{"@id":"https:\/\/ambiglobal.com\/web\/sobre-nos\/#breadcrumb"},"inLanguage":"pt-PT","potentialAction":[{"@type":"ReadAction","target":["https:\/\/ambiglobal.com\/web\/sobre-nos\/"]}]},{"@type":"ImageObject","inLanguage":"pt-PT","@id":"https:\/\/ambiglobal.com\/web\/sobre-nos\/#primaryimage","url":"https:\/\/ambiglobal.com\/web\/wp-content\/uploads\/2022\/08\/unrecognizable-man-neon-safety-vest-business-suit-sitting-desk-using-laptop.jpg","contentUrl":"https:\/\/ambiglobal.com\/web\/wp-content\/uploads\/2022\/08\/unrecognizable-man-neon-safety-vest-business-suit-sitting-desk-using-laptop.jpg","width":1500,"height":1001,"caption":"T\u00e9cnico de Seguran\u00e7a Ambiglobal"},{"@type":"BreadcrumbList","@id":"https:\/\/ambiglobal.com\/web\/sobre-nos\/#breadcrumb","itemListElement":[{"@type":"ListItem","position":1,"name":"In\u00edcio","item":"https:\/\/ambiglobal.com\/web\/"},{"@type":"ListItem","position":2,"name":"Sobre N\u00f3s"}]},{"@type":"WebSite","@id":"https:\/\/ambiglobal.com\/web\/#website","url":"https:\/\/ambiglobal.com\/web\/","name":"Ambiglobal","description":"Medicina, Seguran\u00e7a e Forma\u00e7\u00e3o","publisher":{"@id":"https:\/\/ambiglobal.com\/web\/#organization"},"potentialAction":[{"@type":"SearchAction","target":{"@type":"EntryPoint","urlTemplate":"https:\/\/ambiglobal.com\/web\/?s={search_term_string}"},"query-input":{"@type":"PropertyValueSpecification","valueRequired":true,"valueName":"search_term_string"}}],"inLanguage":"pt-PT"},{"@type":"Organization","@id":"https:\/\/ambiglobal.com\/web\/#organization","name":"Ambiglobal","url":"https:\/\/ambiglobal.com\/web\/","logo":{"@type":"ImageObject","inLanguage":"pt-PT","@id":"https:\/\/ambiglobal.com\/web\/#\/schema\/logo\/image\/","url":"https:\/\/ambiglobal.com\/web\/wp-content\/uploads\/2020\/12\/neve-doctor-logo-2.png","contentUrl":"https:\/\/ambiglobal.com\/web\/wp-content\/uploads\/2020\/12\/neve-doctor-logo-2.png","width":200,"height":200,"caption":"Ambiglobal"},"image":{"@id":"https:\/\/ambiglobal.com\/web\/#\/schema\/logo\/image\/"}}]}},"_links":{"self":[{"href":"https:\/\/ambiglobal.com\/web\/wp-json\/wp\/v2\/pages\/88","targetHints":{"allow":["GET"]}}],"collection":[{"href":"https:\/\/ambiglobal.com\/web\/wp-json\/wp\/v2\/pages"}],"about":[{"href":"https:\/\/ambiglobal.com\/web\/wp-json\/wp\/v2\/types\/page"}],"author":[{"embeddable":true,"href":"https:\/\/ambiglobal.com\/web\/wp-json\/wp\/v2\/users\/1"}],"replies":[{"embeddable":true,"href":"https:\/\/ambiglobal.com\/web\/wp-json\/wp\/v2\/comments?post=88"}],"version-history":[{"count":28,"href":"https:\/\/ambiglobal.com\/web\/wp-json\/wp\/v2\/pages\/88\/revisions"}],"predecessor-version":[{"id":1035,"href":"https:\/\/ambiglobal.com\/web\/wp-json\/wp\/v2\/pages\/88\/revisions\/1035"}],"wp:attachment":[{"href":"https:\/\/ambiglobal.com\/web\/wp-json\/wp\/v2\/media?parent=88"}],"curies":[{"name":"wp","href":"https:\/\/api.w.org\/{rel}","templated":true}]}}